{"id":3509,"date":"2026-04-02T02:28:26","date_gmt":"2026-04-02T02:28:26","guid":{"rendered":"https:\/\/remansodelamontana.com\/?page_id=3509"},"modified":"2026-04-02T17:22:34","modified_gmt":"2026-04-02T17:22:34","slug":"el-estanque-de-los-suenos","status":"publish","type":"page","link":"https:\/\/remansodelamontana.com\/en\/el-estanque-de-los-suenos\/","title":{"rendered":"El Estanque de los sue\u00f1os"},"content":{"rendered":"<div class=\"wp-block-getwid-section alignfull is-style-default alignfull getwid-margin-bottom-small getwid-margin-mobile-bottom-none\"><div class=\"wp-block-getwid-section__wrapper getwid-padding-left-normal getwid-padding-right-normal getwid-padding-mobile-bottom-none getwid-padding-mobile-left-small getwid-padding-mobile-right-small\" style=\"min-height:0px;padding-top:66px\"><div class=\"wp-block-getwid-section__inner-wrapper\"><div class=\"wp-block-getwid-section__background-holder\"><div class=\"wp-block-getwid-section__background\"><\/div><div class=\"wp-block-getwid-section__foreground\"><\/div><\/div><div class=\"wp-block-getwid-section__content\"><div class=\"wp-block-getwid-section__inner-content\">\n<div class=\"wp-block-columns has-3-columns is-layout-flex wp-container-core-columns-is-layout-28f84493 wp-block-columns-is-layout-flex\">\n<div class=\"wp-block-column is-vertically-aligned-center is-layout-flow wp-block-column-is-layout-flow\">\n<div class=\"wp-block-getwid-advanced-heading fuente-bb has-custom-font-size\" style=\"font-size:47px;margin-bottom:30px\"><h2 class=\"wp-block-getwid-advanced-heading__content has-text-color\" style=\"font-weight:normal;line-height:41px;letter-spacing:0px;color:#2f591c\">EL ESTANQUE DE LOS SUE\u00d1OS<\/h2><\/div>\n\n\n\n<hr class=\"wp-block-separator has-text-color has-alpha-channel-opacity has-background is-style-wide\" style=\"background-color:#2f591c;color:#2f591c\"\/>\n<\/div>\n\n\n\n<div class=\"wp-block-column is-layout-flow wp-block-column-is-layout-flow\">\n<p class=\"has-text-color has-link-color wp-elements-9f7c61d439847ca7b53a75de71f36bba\" style=\"color:#2f591c\">Reg\u00e1late un respiro en el <strong>Estanque de los Sue\u00f1os<\/strong>, un oasis dise\u00f1ado para el bienestar total. D\u00e9jate cautivar por la danza hipn\u00f3tica de nuestros <strong>peces koi<\/strong> y la frescura de una colecci\u00f3n bot\u00e1nica \u00fanica. Es el espacio perfecto para silenciar el ruido exterior, respirar profundo y reconectar contigo mismo en un entorno de paz absoluta.<\/p>\n<\/div>\n<\/div>\n<\/div><\/div><\/div><\/div><\/div>\n\n\n\n<figure class=\"wp-block-image size-full editorskit-no-desktop editorskit-no-tablet\"><img loading=\"lazy\" decoding=\"async\" width=\"2048\" height=\"1910\" src=\"https:\/\/remansodelamontana.com\/wp-content\/uploads\/2026\/04\/Peces-koi-sq.png\" alt=\"\" class=\"wp-image-3530\" srcset=\"https:\/\/remansodelamontana.com\/wp-content\/uploads\/2026\/04\/Peces-koi-sq.png 2048w, https:\/\/remansodelamontana.com\/wp-content\/uploads\/2026\/04\/Peces-koi-sq-300x280.png 300w, https:\/\/remansodelamontana.com\/wp-content\/uploads\/2026\/04\/Peces-koi-sq-1024x955.png 1024w, https:\/\/remansodelamontana.com\/wp-content\/uploads\/2026\/04\/Peces-koi-sq-768x716.png 768w, https:\/\/remansodelamontana.com\/wp-content\/uploads\/2026\/04\/Peces-koi-sq-1536x1433.png 1536w, https:\/\/remansodelamontana.com\/wp-content\/uploads\/2026\/04\/Peces-koi-sq-13x12.png 13w, https:\/\/remansodelamontana.com\/wp-content\/uploads\/2026\/04\/Peces-koi-sq-892x832.png 892w, https:\/\/remansodelamontana.com\/wp-content\/uploads\/2026\/04\/Peces-koi-sq-1350x1259.png 1350w, https:\/\/remansodelamontana.com\/wp-content\/uploads\/2026\/04\/Peces-koi-sq-1920x1791.png 1920w, https:\/\/remansodelamontana.com\/wp-content\/uploads\/2026\/04\/Peces-koi-sq-600x560.png 600w\" sizes=\"auto, (max-width: 2048px) 100vw, 2048px\" \/><\/figure>\n\n\n\n<figure class=\"wp-block-image size-full editorskit-no-mobile\"><img loading=\"lazy\" decoding=\"async\" width=\"2508\" height=\"1198\" src=\"https:\/\/remansodelamontana.com\/wp-content\/uploads\/2026\/04\/Tipos-de-peces-koi-hor.png\" alt=\"\" class=\"wp-image-3529\" srcset=\"https:\/\/remansodelamontana.com\/wp-content\/uploads\/2026\/04\/Tipos-de-peces-koi-hor.png 2508w, https:\/\/remansodelamontana.com\/wp-content\/uploads\/2026\/04\/Tipos-de-peces-koi-hor-300x143.png 300w, https:\/\/remansodelamontana.com\/wp-content\/uploads\/2026\/04\/Tipos-de-peces-koi-hor-1024x489.png 1024w, https:\/\/remansodelamontana.com\/wp-content\/uploads\/2026\/04\/Tipos-de-peces-koi-hor-768x367.png 768w, https:\/\/remansodelamontana.com\/wp-content\/uploads\/2026\/04\/Tipos-de-peces-koi-hor-1536x734.png 1536w, https:\/\/remansodelamontana.com\/wp-content\/uploads\/2026\/04\/Tipos-de-peces-koi-hor-2048x978.png 2048w, https:\/\/remansodelamontana.com\/wp-content\/uploads\/2026\/04\/Tipos-de-peces-koi-hor-18x9.png 18w, https:\/\/remansodelamontana.com\/wp-content\/uploads\/2026\/04\/Tipos-de-peces-koi-hor-892x426.png 892w, https:\/\/remansodelamontana.com\/wp-content\/uploads\/2026\/04\/Tipos-de-peces-koi-hor-1350x645.png 1350w, https:\/\/remansodelamontana.com\/wp-content\/uploads\/2026\/04\/Tipos-de-peces-koi-hor-1920x917.png 1920w, https:\/\/remansodelamontana.com\/wp-content\/uploads\/2026\/04\/Tipos-de-peces-koi-hor-600x287.png 600w\" sizes=\"auto, (max-width: 2508px) 100vw, 2508px\" \/><\/figure>\n\n\n\n<h2 class=\"wp-block-heading has-text-align-center\" style=\"margin-top:var(--wp--preset--spacing--70);margin-bottom:var(--wp--preset--spacing--70)\">La Intenci\u00f3n: Un Respiro para el Alma<\/h2>\n\n\n\n<p class=\"has-text-align-center has-text-color has-link-color wp-elements-59d7cf75a4615d4f28ee12d9eea366c8\" style=\"color:#2f591c\">Creemos que antes de conquistar cualquier sendero, es vital conquistar la propia calma. El <strong>Estanque de los Sue\u00f1os<\/strong> no es solo un punto en el mapa previo al Sendero de F\u00e1tima; es una invitaci\u00f3n a despojarse del ruido cotidiano. Nuestra intenci\u00f3n al crear este espacio fue dise\u00f1ar un \u00abumbral de transici\u00f3n\u00bb para brindarte varios beneficios:<\/p>\n\n\n\n<div class=\"wp-block-columns is-layout-flex wp-container-core-columns-is-layout-28f84493 wp-block-columns-is-layout-flex\">\n<div class=\"wp-block-column is-layout-flow wp-block-column-is-layout-flow\">\n<figure class=\"wp-block-image size-large borde-verde\"><img loading=\"lazy\" decoding=\"async\" width=\"768\" height=\"1024\" src=\"https:\/\/remansodelamontana.com\/wp-content\/uploads\/2026\/04\/WhatsApp-Image-2026-02-25-at-2.46.07-PM-1-768x1024.jpeg\" alt=\"\" class=\"wp-image-3542\" style=\"aspect-ratio:1;object-fit:cover\" srcset=\"https:\/\/remansodelamontana.com\/wp-content\/uploads\/2026\/04\/WhatsApp-Image-2026-02-25-at-2.46.07-PM-1-768x1024.jpeg 768w, https:\/\/remansodelamontana.com\/wp-content\/uploads\/2026\/04\/WhatsApp-Image-2026-02-25-at-2.46.07-PM-1-225x300.jpeg 225w, https:\/\/remansodelamontana.com\/wp-content\/uploads\/2026\/04\/WhatsApp-Image-2026-02-25-at-2.46.07-PM-1-1152x1536.jpeg 1152w, https:\/\/remansodelamontana.com\/wp-content\/uploads\/2026\/04\/WhatsApp-Image-2026-02-25-at-2.46.07-PM-1-9x12.jpeg 9w, https:\/\/remansodelamontana.com\/wp-content\/uploads\/2026\/04\/WhatsApp-Image-2026-02-25-at-2.46.07-PM-1-892x1189.jpeg 892w, https:\/\/remansodelamontana.com\/wp-content\/uploads\/2026\/04\/WhatsApp-Image-2026-02-25-at-2.46.07-PM-1-600x800.jpeg 600w, https:\/\/remansodelamontana.com\/wp-content\/uploads\/2026\/04\/WhatsApp-Image-2026-02-25-at-2.46.07-PM-1.jpeg 1200w\" sizes=\"auto, (max-width: 768px) 100vw, 768px\" \/><\/figure>\n\n\n\n<p class=\"has-text-align-center has-small-font-size\" style=\"margin-right:var(--wp--preset--spacing--20);margin-left:var(--wp--preset--spacing--20)\"><strong>Reducci\u00f3n del Cortisol:<\/strong> Est\u00e1 cient\u00edficamente comprobado que observar el movimiento del agua y la vida acu\u00e1tica reduce los niveles de estr\u00e9s y ansiedad de forma inmediata.<\/p>\n<\/div>\n\n\n\n<div class=\"wp-block-column is-layout-flow wp-block-column-is-layout-flow\">\n<figure class=\"wp-block-image size-large borde-verde\"><img loading=\"lazy\" decoding=\"async\" width=\"825\" height=\"1024\" src=\"https:\/\/remansodelamontana.com\/wp-content\/uploads\/2026\/04\/Sin-titulo-2_0000_eliminar-la-tela-verde-y-relle2-825x1024.jpg\" alt=\"\" class=\"wp-image-3543\" style=\"aspect-ratio:1;object-fit:cover\" srcset=\"https:\/\/remansodelamontana.com\/wp-content\/uploads\/2026\/04\/Sin-titulo-2_0000_eliminar-la-tela-verde-y-relle2-825x1024.jpg 825w, https:\/\/remansodelamontana.com\/wp-content\/uploads\/2026\/04\/Sin-titulo-2_0000_eliminar-la-tela-verde-y-relle2-242x300.jpg 242w, https:\/\/remansodelamontana.com\/wp-content\/uploads\/2026\/04\/Sin-titulo-2_0000_eliminar-la-tela-verde-y-relle2-768x953.jpg 768w, https:\/\/remansodelamontana.com\/wp-content\/uploads\/2026\/04\/Sin-titulo-2_0000_eliminar-la-tela-verde-y-relle2-10x12.jpg 10w, https:\/\/remansodelamontana.com\/wp-content\/uploads\/2026\/04\/Sin-titulo-2_0000_eliminar-la-tela-verde-y-relle2-892x1107.jpg 892w, https:\/\/remansodelamontana.com\/wp-content\/uploads\/2026\/04\/Sin-titulo-2_0000_eliminar-la-tela-verde-y-relle2-600x744.jpg 600w, https:\/\/remansodelamontana.com\/wp-content\/uploads\/2026\/04\/Sin-titulo-2_0000_eliminar-la-tela-verde-y-relle2.jpg 1080w\" sizes=\"auto, (max-width: 825px) 100vw, 825px\" \/><\/figure>\n\n\n\n<p class=\"has-text-align-center has-small-font-size\" style=\"margin-right:var(--wp--preset--spacing--20);margin-left:var(--wp--preset--spacing--20)\"><strong>Inspiraci\u00f3n creativa:<\/strong> Un espacio abierto a compartir y nutrir la creatividad de j\u00f3venes y adultos. Las ideas y la imaginaci\u00f3n fluyen con libertad lejos de las paredes y las pantallas.<\/p>\n<\/div>\n\n\n\n<div class=\"wp-block-column is-layout-flow wp-block-column-is-layout-flow\">\n<figure class=\"wp-block-image size-large borde-verde\"><img loading=\"lazy\" decoding=\"async\" width=\"825\" height=\"1024\" src=\"https:\/\/remansodelamontana.com\/wp-content\/uploads\/2026\/04\/Sin-titulo-2_0002_eliminar-la-tela-verde-y-rellenar-con-las-hojas-verdes-del-borde-igual-que-en-la-otra-imagen-825x1024.jpg\" alt=\"\" class=\"wp-image-3544\" style=\"aspect-ratio:1;object-fit:cover\" srcset=\"https:\/\/remansodelamontana.com\/wp-content\/uploads\/2026\/04\/Sin-titulo-2_0002_eliminar-la-tela-verde-y-rellenar-con-las-hojas-verdes-del-borde-igual-que-en-la-otra-imagen-825x1024.jpg 825w, https:\/\/remansodelamontana.com\/wp-content\/uploads\/2026\/04\/Sin-titulo-2_0002_eliminar-la-tela-verde-y-rellenar-con-las-hojas-verdes-del-borde-igual-que-en-la-otra-imagen-242x300.jpg 242w, https:\/\/remansodelamontana.com\/wp-content\/uploads\/2026\/04\/Sin-titulo-2_0002_eliminar-la-tela-verde-y-rellenar-con-las-hojas-verdes-del-borde-igual-que-en-la-otra-imagen-768x953.jpg 768w, https:\/\/remansodelamontana.com\/wp-content\/uploads\/2026\/04\/Sin-titulo-2_0002_eliminar-la-tela-verde-y-rellenar-con-las-hojas-verdes-del-borde-igual-que-en-la-otra-imagen-10x12.jpg 10w, https:\/\/remansodelamontana.com\/wp-content\/uploads\/2026\/04\/Sin-titulo-2_0002_eliminar-la-tela-verde-y-rellenar-con-las-hojas-verdes-del-borde-igual-que-en-la-otra-imagen-892x1107.jpg 892w, https:\/\/remansodelamontana.com\/wp-content\/uploads\/2026\/04\/Sin-titulo-2_0002_eliminar-la-tela-verde-y-rellenar-con-las-hojas-verdes-del-borde-igual-que-en-la-otra-imagen-600x744.jpg 600w, https:\/\/remansodelamontana.com\/wp-content\/uploads\/2026\/04\/Sin-titulo-2_0002_eliminar-la-tela-verde-y-rellenar-con-las-hojas-verdes-del-borde-igual-que-en-la-otra-imagen.jpg 1080w\" sizes=\"auto, (max-width: 825px) 100vw, 825px\" \/><\/figure>\n\n\n\n<p class=\"has-text-align-center has-small-font-size\" style=\"margin-right:var(--wp--preset--spacing--20);margin-left:var(--wp--preset--spacing--20)\"><strong>Claridad Mental:<\/strong> El entorno de \u00abatenci\u00f3n plena\u00bb (<em>mindfulness<\/em>) que genera nuestra variedad bot\u00e1nica ayuda a restaurar la fatiga cognitiva, mejorando la concentraci\u00f3n.<\/p>\n<\/div>\n<\/div>\n\n\n\n<div class=\"wp-block-getwid-section\"><div class=\"wp-block-getwid-section__wrapper\"><div class=\"wp-block-getwid-section__inner-wrapper\"><div class=\"wp-block-getwid-section__background-holder\"><div class=\"wp-block-getwid-section__background\"><\/div><div class=\"wp-block-getwid-section__foreground\"><\/div><\/div><div class=\"wp-block-getwid-section__content\"><div class=\"wp-block-getwid-section__inner-content\">\n<h2 class=\"wp-block-heading has-text-align-center\" style=\"margin-top:var(--wp--preset--spacing--70);margin-bottom:var(--wp--preset--spacing--70)\">Joyas vivientes en el coraz\u00f3n del estanque<\/h2>\n\n\n\n<p class=\"has-text-align-center has-text-color has-link-color wp-elements-548711ee391445a3ba7ebd9d2e415240\" style=\"color:#2f591c\">En el <strong>Estanque de los Sue\u00f1os<\/strong>, el agua no solo fluye, cobra vida. Los peces Koi son mucho m\u00e1s que habitantes de nuestro ecosistema; son s\u00edmbolos milenarios de fortuna, perseverancia y paz. Te invitamos a descubrir las variedades \u00fanicas que nadan en nuestras aguas. Cada color y cada patr\u00f3n cuentan una historia diferente, creando un mosaico en movimiento que invita a la contemplaci\u00f3n y al asombro.<\/p>\n\n\n\n<div class=\"wp-block-columns is-layout-flex wp-container-core-columns-is-layout-28f84493 wp-block-columns-is-layout-flex\" style=\"border-style:none;border-width:0px\">\n<div class=\"wp-block-column is-layout-flow wp-block-column-is-layout-flow\">\n<figure class=\"wp-block-gallery has-nested-images columns-default is-cropped wp-block-gallery-1 is-layout-flex wp-block-gallery-is-layout-flex\">\n<figure class=\"wp-block-image size-large\"><img loading=\"lazy\" decoding=\"async\" width=\"1000\" height=\"1000\" data-id=\"3568\" src=\"https:\/\/remansodelamontana.com\/wp-content\/uploads\/2026\/04\/showa-koi.jpg\" alt=\"\" class=\"wp-image-3568\" srcset=\"https:\/\/remansodelamontana.com\/wp-content\/uploads\/2026\/04\/showa-koi.jpg 1000w, https:\/\/remansodelamontana.com\/wp-content\/uploads\/2026\/04\/showa-koi-300x300.jpg 300w, https:\/\/remansodelamontana.com\/wp-content\/uploads\/2026\/04\/showa-koi-150x150.jpg 150w, https:\/\/remansodelamontana.com\/wp-content\/uploads\/2026\/04\/showa-koi-768x768.jpg 768w, https:\/\/remansodelamontana.com\/wp-content\/uploads\/2026\/04\/showa-koi-12x12.jpg 12w, https:\/\/remansodelamontana.com\/wp-content\/uploads\/2026\/04\/showa-koi-892x892.jpg 892w, https:\/\/remansodelamontana.com\/wp-content\/uploads\/2026\/04\/showa-koi-600x600.jpg 600w, https:\/\/remansodelamontana.com\/wp-content\/uploads\/2026\/04\/showa-koi-100x100.jpg 100w\" sizes=\"auto, (max-width: 1000px) 100vw, 1000px\" \/><\/figure>\n<\/figure>\n\n\n\n<p class=\"has-text-align-center has-small-font-size\" style=\"margin-right:var(--wp--preset--spacing--20);margin-left:var(--wp--preset--spacing--20)\"><strong>Showa (Tricolor: Negro, Rojo y Blanco)<\/strong><\/p>\n\n\n\n<p class=\"has-text-align-center has-small-font-size\" style=\"margin-right:var(--wp--preset--spacing--20);margin-left:var(--wp--preset--spacing--20)\">El <strong>Showa Sanshoku<\/strong> es una obra de arte viviente. A diferencia de otras variedades, el negro (<em>Sumi<\/em>) es su color base, extendi\u00e9ndose de forma imponente por todo su cuerpo y fusion\u00e1ndose con el rojo y el blanco. Su presencia es poderosa y din\u00e1mica; es un pez que transmite energ\u00eda y car\u00e1cter, convirti\u00e9ndose en el centro de atenci\u00f3n de cualquier mirada.<\/p>\n<\/div>\n\n\n\n<div class=\"wp-block-column is-layout-flow wp-block-column-is-layout-flow\">\n<figure class=\"wp-block-image size-large\"><img loading=\"lazy\" decoding=\"async\" width=\"1000\" height=\"1000\" src=\"https:\/\/remansodelamontana.com\/wp-content\/uploads\/2026\/04\/kohaku-koi.jpg\" alt=\"\" class=\"wp-image-3569\" srcset=\"https:\/\/remansodelamontana.com\/wp-content\/uploads\/2026\/04\/kohaku-koi.jpg 1000w, https:\/\/remansodelamontana.com\/wp-content\/uploads\/2026\/04\/kohaku-koi-300x300.jpg 300w, https:\/\/remansodelamontana.com\/wp-content\/uploads\/2026\/04\/kohaku-koi-150x150.jpg 150w, https:\/\/remansodelamontana.com\/wp-content\/uploads\/2026\/04\/kohaku-koi-768x768.jpg 768w, https:\/\/remansodelamontana.com\/wp-content\/uploads\/2026\/04\/kohaku-koi-12x12.jpg 12w, https:\/\/remansodelamontana.com\/wp-content\/uploads\/2026\/04\/kohaku-koi-892x892.jpg 892w, https:\/\/remansodelamontana.com\/wp-content\/uploads\/2026\/04\/kohaku-koi-600x600.jpg 600w, https:\/\/remansodelamontana.com\/wp-content\/uploads\/2026\/04\/kohaku-koi-100x100.jpg 100w\" sizes=\"auto, (max-width: 1000px) 100vw, 1000px\" \/><\/figure>\n\n\n\n<p class=\"has-text-align-center has-small-font-size\" style=\"margin-right:var(--wp--preset--spacing--20);margin-left:var(--wp--preset--spacing--20)\"><strong>Kohaku (Blanco y Rojo)<\/strong><\/p>\n\n\n\n<p class=\"has-text-align-center has-small-font-size\" style=\"margin-right:var(--wp--preset--spacing--20);margin-left:var(--wp--preset--spacing--20)\">El <strong>Kohaku<\/strong> es quiz\u00e1s la variedad m\u00e1s emblem\u00e1tica y apreciada en el mundo del coleccionismo. Su belleza radica en la pureza de su cuerpo blanco y la intensidad de sus manchas rojas (<em>Hi<\/em>). En la cultura japonesa, simboliza el \u00e9xito y la fuerza, siendo un ejemplo perfecto de elegancia minimalista que aporta una luz \u00fanica al <strong>Estanque de los Sue\u00f1os<\/strong>.<\/p>\n<\/div>\n\n\n\n<div class=\"wp-block-column is-layout-flow wp-block-column-is-layout-flow\">\n<figure class=\"wp-block-image size-large\"><img loading=\"lazy\" decoding=\"async\" width=\"1000\" height=\"1000\" src=\"https:\/\/remansodelamontana.com\/wp-content\/uploads\/2026\/04\/bekko-koi.jpg\" alt=\"\" class=\"wp-image-3570\" srcset=\"https:\/\/remansodelamontana.com\/wp-content\/uploads\/2026\/04\/bekko-koi.jpg 1000w, https:\/\/remansodelamontana.com\/wp-content\/uploads\/2026\/04\/bekko-koi-300x300.jpg 300w, https:\/\/remansodelamontana.com\/wp-content\/uploads\/2026\/04\/bekko-koi-150x150.jpg 150w, https:\/\/remansodelamontana.com\/wp-content\/uploads\/2026\/04\/bekko-koi-768x768.jpg 768w, https:\/\/remansodelamontana.com\/wp-content\/uploads\/2026\/04\/bekko-koi-12x12.jpg 12w, https:\/\/remansodelamontana.com\/wp-content\/uploads\/2026\/04\/bekko-koi-892x892.jpg 892w, https:\/\/remansodelamontana.com\/wp-content\/uploads\/2026\/04\/bekko-koi-600x600.jpg 600w, https:\/\/remansodelamontana.com\/wp-content\/uploads\/2026\/04\/bekko-koi-100x100.jpg 100w\" sizes=\"auto, (max-width: 1000px) 100vw, 1000px\" \/><\/figure>\n\n\n\n<p class=\"has-text-align-center has-small-font-size\" style=\"margin-right:var(--wp--preset--spacing--20);margin-left:var(--wp--preset--spacing--20)\"><strong>Bekko (Amarillo\/Dorado con Negro)<\/strong><\/p>\n\n\n\n<p class=\"has-text-align-center has-small-font-size\" style=\"margin-top:0;margin-right:var(--wp--preset--spacing--20);margin-bottom:0;margin-left:var(--wp--preset--spacing--20)\">El <strong>Bekko<\/strong> destaca por su sencillez y equilibrio. Sobre un fondo de color s\u00f3lido presenta delicadas manchas negras que parecen pinceladas de tinta sobre un lienzo. Es una variedad que aporta un brillo c\u00e1lido al agua, evocando la luz del sol reflejada en el estanque y transmitiendo una profunda sensaci\u00f3n de prosperidad.<\/p>\n<\/div>\n<\/div>\n\n\n\n<div class=\"wp-block-columns is-layout-flex wp-container-core-columns-is-layout-28f84493 wp-block-columns-is-layout-flex\">\n<div class=\"wp-block-column is-layout-flow wp-block-column-is-layout-flow\" style=\"border-style:none;border-width:0px;border-top-left-radius:0px;border-top-right-radius:0px;border-bottom-left-radius:0px;border-bottom-right-radius:0px\">\n<figure class=\"wp-block-image size-large\"><img loading=\"lazy\" decoding=\"async\" width=\"1000\" height=\"1000\" src=\"https:\/\/remansodelamontana.com\/wp-content\/uploads\/2026\/04\/hi-utsuri-koi.jpg\" alt=\"\" class=\"wp-image-3571\" srcset=\"https:\/\/remansodelamontana.com\/wp-content\/uploads\/2026\/04\/hi-utsuri-koi.jpg 1000w, https:\/\/remansodelamontana.com\/wp-content\/uploads\/2026\/04\/hi-utsuri-koi-300x300.jpg 300w, https:\/\/remansodelamontana.com\/wp-content\/uploads\/2026\/04\/hi-utsuri-koi-150x150.jpg 150w, https:\/\/remansodelamontana.com\/wp-content\/uploads\/2026\/04\/hi-utsuri-koi-768x768.jpg 768w, https:\/\/remansodelamontana.com\/wp-content\/uploads\/2026\/04\/hi-utsuri-koi-12x12.jpg 12w, https:\/\/remansodelamontana.com\/wp-content\/uploads\/2026\/04\/hi-utsuri-koi-892x892.jpg 892w, https:\/\/remansodelamontana.com\/wp-content\/uploads\/2026\/04\/hi-utsuri-koi-600x600.jpg 600w, https:\/\/remansodelamontana.com\/wp-content\/uploads\/2026\/04\/hi-utsuri-koi-100x100.jpg 100w\" sizes=\"auto, (max-width: 1000px) 100vw, 1000px\" \/><\/figure>\n\n\n\n<p class=\"has-text-align-center has-small-font-size\" style=\"margin-right:var(--wp--preset--spacing--20);margin-left:var(--wp--preset--spacing--20)\"><strong>Hi Utsuri (Negro y Rojo)<\/strong><\/p>\n\n\n\n<p class=\"has-text-align-center has-small-font-size\" style=\"margin-right:var(--wp--preset--spacing--20);margin-left:var(--wp--preset--spacing--20)\">Con un contraste dram\u00e1tico y sofisticado, el <strong>Hi Utsuri<\/strong> es el pez del misterio. Su cuerpo alterna patrones de negro intenso y rojo fuego en una formaci\u00f3n que recuerda a las llamas o a las sombras de la noche. Es una de las variedades favoritas para quienes buscan un toque ex\u00f3tico y robusto, aportando una profundidad visual fascinante al ecosistema del estanque.<\/p>\n<\/div>\n\n\n\n<div class=\"wp-block-column is-layout-flow wp-block-column-is-layout-flow\"><\/div>\n\n\n\n<div class=\"wp-block-column is-layout-flow wp-block-column-is-layout-flow\"><\/div>\n<\/div>\n<\/div><\/div><\/div><\/div><\/div>\n\n\n\n<div class=\"wp-block-getwid-section alignfull is-style-default alignfull getwid-margin-top-small getwid-margin-bottom-small getwid-margin-mobile-bottom-none\"><div class=\"wp-block-getwid-section__wrapper getwid-padding-left-normal getwid-padding-right-normal getwid-padding-mobile-bottom-none getwid-padding-mobile-left-small getwid-padding-mobile-right-small getwid-margin-left-large getwid-margin-right-large\" style=\"min-height:0px\"><div class=\"wp-block-getwid-section__inner-wrapper\"><div class=\"wp-block-getwid-section__background-holder\"><div class=\"wp-block-getwid-section__background\"><\/div><div class=\"wp-block-getwid-section__foreground\"><\/div><\/div><div class=\"wp-block-getwid-section__content\"><div class=\"wp-block-getwid-section__inner-content\">\n<h2 class=\"wp-block-heading has-text-align-center\" style=\"margin-top:var(--wp--preset--spacing--70);margin-bottom:var(--wp--preset--spacing--70)\">No es solo una estancia, es una inversi\u00f3n en tu paz y equilibrio.<\/h2>\n\n\n\n<div class=\"wp-block-columns has-3-columns is-layout-flex wp-container-core-columns-is-layout-28f84493 wp-block-columns-is-layout-flex\">\n<div class=\"wp-block-column is-vertically-aligned-center is-layout-flow wp-block-column-is-layout-flow\"><div class=\"wp-block-image borde-verde\">\n<figure class=\"aligncenter size-full\"><img loading=\"lazy\" decoding=\"async\" width=\"1080\" height=\"1340\" src=\"https:\/\/remansodelamontana.com\/wp-content\/uploads\/2026\/04\/11.jpg\" alt=\"\" class=\"wp-image-3580\" style=\"aspect-ratio:1;object-fit:cover\" srcset=\"https:\/\/remansodelamontana.com\/wp-content\/uploads\/2026\/04\/11.jpg 1080w, https:\/\/remansodelamontana.com\/wp-content\/uploads\/2026\/04\/11-242x300.jpg 242w, https:\/\/remansodelamontana.com\/wp-content\/uploads\/2026\/04\/11-825x1024.jpg 825w, https:\/\/remansodelamontana.com\/wp-content\/uploads\/2026\/04\/11-768x953.jpg 768w, https:\/\/remansodelamontana.com\/wp-content\/uploads\/2026\/04\/11-10x12.jpg 10w, https:\/\/remansodelamontana.com\/wp-content\/uploads\/2026\/04\/11-892x1107.jpg 892w, https:\/\/remansodelamontana.com\/wp-content\/uploads\/2026\/04\/11-600x744.jpg 600w\" sizes=\"auto, (max-width: 1080px) 100vw, 1080px\" \/><\/figure>\n<\/div><\/div>\n\n\n\n<div class=\"wp-block-column is-layout-flow wp-block-column-is-layout-flow\"><div class=\"wp-block-image borde-verde\">\n<figure class=\"aligncenter size-full\"><img loading=\"lazy\" decoding=\"async\" width=\"1000\" height=\"1073\" src=\"https:\/\/remansodelamontana.com\/wp-content\/uploads\/2026\/04\/sendero-flores.jpg\" alt=\"\" class=\"wp-image-3613\" style=\"aspect-ratio:1;object-fit:cover\" srcset=\"https:\/\/remansodelamontana.com\/wp-content\/uploads\/2026\/04\/sendero-flores.jpg 1000w, https:\/\/remansodelamontana.com\/wp-content\/uploads\/2026\/04\/sendero-flores-280x300.jpg 280w, https:\/\/remansodelamontana.com\/wp-content\/uploads\/2026\/04\/sendero-flores-954x1024.jpg 954w, https:\/\/remansodelamontana.com\/wp-content\/uploads\/2026\/04\/sendero-flores-768x824.jpg 768w, https:\/\/remansodelamontana.com\/wp-content\/uploads\/2026\/04\/sendero-flores-11x12.jpg 11w, https:\/\/remansodelamontana.com\/wp-content\/uploads\/2026\/04\/sendero-flores-892x957.jpg 892w, https:\/\/remansodelamontana.com\/wp-content\/uploads\/2026\/04\/sendero-flores-600x644.jpg 600w\" sizes=\"auto, (max-width: 1000px) 100vw, 1000px\" \/><\/figure>\n<\/div><\/div>\n\n\n\n<div class=\"wp-block-column is-vertically-aligned-center is-layout-flow wp-block-column-is-layout-flow\"><div class=\"wp-block-image borde-verde\">\n<figure class=\"aligncenter size-full\"><img loading=\"lazy\" decoding=\"async\" width=\"844\" height=\"1500\" src=\"https:\/\/remansodelamontana.com\/wp-content\/uploads\/2026\/04\/20251106_162158-rotated.jpg\" alt=\"\" class=\"wp-image-3612\" style=\"aspect-ratio:1;object-fit:cover\" srcset=\"https:\/\/remansodelamontana.com\/wp-content\/uploads\/2026\/04\/20251106_162158-rotated.jpg 844w, https:\/\/remansodelamontana.com\/wp-content\/uploads\/2026\/04\/20251106_162158-169x300.jpg 169w, https:\/\/remansodelamontana.com\/wp-content\/uploads\/2026\/04\/20251106_162158-576x1024.jpg 576w, https:\/\/remansodelamontana.com\/wp-content\/uploads\/2026\/04\/20251106_162158-768x1365.jpg 768w, https:\/\/remansodelamontana.com\/wp-content\/uploads\/2026\/04\/20251106_162158-7x12.jpg 7w, https:\/\/remansodelamontana.com\/wp-content\/uploads\/2026\/04\/20251106_162158-600x1066.jpg 600w\" sizes=\"auto, (max-width: 844px) 100vw, 844px\" \/><\/figure>\n<\/div><\/div>\n<\/div>\n\n\n\n<p class=\"has-text-align-center has-text-color has-link-color wp-elements-826219445081e434d11b11c20c18b67b\" style=\"color:#2f591c;margin-right:8.48rem;margin-left:8.48rem\">Es una <strong>herramienta de bienestar <\/strong>dise\u00f1ada para que nuestros hu\u00e9spedes regresen a su rutina con la mente clara y el esp\u00edritu renovado, el silencio absoluto permite que el cerebro descanse de la fatiga digital lo que hace de una simple estancia un poderoso retiro de renovaci\u00f3n emocional..<\/p>\n<\/div><\/div><\/div><\/div><\/div>\n\n\n\n<div class=\"wp-block-getwid-section alignfull is-style-default alignfull getwid-margin-bottom-none getwid-section-content-full-width\"><div class=\"wp-block-getwid-section__wrapper getwid-padding-bottom-small getwid-padding-left-none getwid-padding-right-none getwid-padding-mobile-left-small getwid-padding-mobile-right-small\"><div class=\"wp-block-getwid-section__inner-wrapper\"><div class=\"wp-block-getwid-section__background-holder\"><div class=\"wp-block-getwid-section__background has-background\" style=\"background-color:#fffee6\"><\/div><div class=\"wp-block-getwid-section__foreground\"><\/div><\/div><div class=\"wp-block-getwid-section__content\"><div class=\"wp-block-getwid-section__inner-content\">\n<div class=\"wp-block-getwid-advanced-heading fuente-bb has-custom-font-size\" style=\"font-size:45px;margin-bottom:15px;margin-top:70px\"><h2 class=\"wp-block-getwid-advanced-heading__content has-text-color\" style=\"text-align:center;font-weight:normal;line-height:50px;letter-spacing:0px;color:#2f591c\">IF YOU HAVE ANY SPECIAL REQUEST FOR YOUR STAY,<br>WE ARE HERE TO MAKE IT HAPPEN<\/h2><\/div>\n\n\n\n<div class=\"wp-block-group is-content-justification-center is-nowrap is-layout-flex wp-container-core-group-is-layout-23441af8 wp-block-group-is-layout-flex\">\n<div class=\"wp-block-button fuente-alpina is-style-outline is-style-outline--2\"><a class=\"wp-block-button__link has-text-color has-link-color has-custom-font-size wp-element-button\" href=\"https:\/\/remansodelamontana.com\/en\/contacto\/\" style=\"border-radius:100px;color:#d36231;font-size:15px;font-style:normal;font-weight:100;letter-spacing:0px\">Contact<\/a><\/div>\n<\/div>\n<\/div><\/div><\/div><\/div><\/div>\n\n\n\n<div class=\"wp-block-getwid-section alignfull is-style-default alignfull getwid-margin-bottom-none\"><div class=\"wp-block-getwid-section__wrapper getwid-padding-bottom-normal getwid-padding-left-normal getwid-padding-right-normal getwid-padding-mobile-left-small getwid-padding-mobile-right-small\"><div class=\"wp-block-getwid-section__inner-wrapper\"><div class=\"wp-block-getwid-section__background-holder\"><div class=\"wp-block-getwid-section__background has-background\" style=\"background-color:#fffee6\"><\/div><div class=\"wp-block-getwid-section__foreground\"><\/div><\/div><div class=\"wp-block-getwid-section__content\"><div class=\"wp-block-getwid-section__inner-content\">\n<hr class=\"wp-block-separator has-text-color has-alpha-channel-opacity has-background is-style-wide\" style=\"background-color:#2f591c;color:#2f591c\"\/>\n\n\n\n<div class=\"wp-block-group\"><div class=\"wp-block-group__inner-container is-layout-constrained wp-block-group-is-layout-constrained\">\n<div class=\"wp-block-getwid-section alignfull alignfull has-inner-blocks-gap-normal getwid-margin-bottom-none getwid-section-content-full-width\" style=\"margin-top:80px\"><div class=\"wp-block-getwid-section__wrapper\" style=\"margin-left:-15px;margin-right:-15px\"><div class=\"wp-block-getwid-section__inner-wrapper\"><div class=\"wp-block-getwid-section__background-holder\"><div class=\"wp-block-getwid-section__background\"><\/div><div class=\"wp-block-getwid-section__foreground\"><\/div><\/div><div class=\"wp-block-getwid-section__content\"><div class=\"wp-block-getwid-section__inner-content\">\n<div class=\"wp-block-columns is-layout-flex wp-container-core-columns-is-layout-28f84493 wp-block-columns-is-layout-flex\">\n<div class=\"wp-block-column is-layout-flow wp-block-column-is-layout-flow\">\n<figure class=\"wp-block-image size-large is-resized\"><img loading=\"lazy\" decoding=\"async\" width=\"1024\" height=\"103\" src=\"https:\/\/remansodelamontana.com\/wp-content\/uploads\/2025\/07\/RM_Logo_HaciendaLaSiembra-Verde-1024x103.png\" alt=\"\" class=\"wp-image-1671\" style=\"width:auto;height:30px\" srcset=\"https:\/\/remansodelamontana.com\/wp-content\/uploads\/2025\/07\/RM_Logo_HaciendaLaSiembra-Verde-1024x103.png 1024w, https:\/\/remansodelamontana.com\/wp-content\/uploads\/2025\/07\/RM_Logo_HaciendaLaSiembra-Verde-300x30.png 300w, https:\/\/remansodelamontana.com\/wp-content\/uploads\/2025\/07\/RM_Logo_HaciendaLaSiembra-Verde-768x77.png 768w, https:\/\/remansodelamontana.com\/wp-content\/uploads\/2025\/07\/RM_Logo_HaciendaLaSiembra-Verde-1536x154.png 1536w, https:\/\/remansodelamontana.com\/wp-content\/uploads\/2025\/07\/RM_Logo_HaciendaLaSiembra-Verde-2048x206.png 2048w, https:\/\/remansodelamontana.com\/wp-content\/uploads\/2025\/07\/RM_Logo_HaciendaLaSiembra-Verde-892x90.png 892w, https:\/\/remansodelamontana.com\/wp-content\/uploads\/2025\/07\/RM_Logo_HaciendaLaSiembra-Verde-1350x136.png 1350w\" sizes=\"auto, (max-width: 1024px) 100vw, 1024px\" \/><\/figure>\n\n\n\n<hr class=\"wp-block-separator has-text-color has-alpha-channel-opacity has-background is-style-wide\" style=\"background-color:#2f591c;color:#2f591c\"\/>\n\n\n\n<div class=\"wp-block-getwid-advanced-heading alignfull fuente-alpina alignfull has-custom-font-size\" style=\"font-size:17px;margin-bottom:35px\"><h2 class=\"wp-block-getwid-advanced-heading__content has-text-color\" style=\"text-align:left;font-weight:normal;line-height:21px;letter-spacing:0px;color:#2f591c\">Remanso de la Monta\u00f1a main house.<br>This hacienda, built in 1905, has been meticulously restored to become a sophisticated and comforting space, preserving its essence without sacrificing modern comfort, ideal for disconnecting and resting fully. <\/h2><\/div>\n\n\n\n<div class=\"wp-block-buttons is-layout-flex wp-container-core-buttons-is-layout-9bedd9bf wp-block-buttons-is-layout-flex\">\n<div class=\"wp-block-button fuente-alpina is-style-outline is-style-outline--3\"><a class=\"wp-block-button__link has-text-color has-link-color has-custom-font-size wp-element-button\" href=\"https:\/\/remansodelamontana.com\/en\/hacienda-la-siembra\/\" style=\"border-radius:78px;color:#d36231;font-size:15px;font-style:normal;font-weight:100;letter-spacing:0px\">More info &amp; reservations<\/a><\/div>\n<\/div>\n<\/div>\n\n\n\n<div class=\"wp-block-column is-layout-flow wp-block-column-is-layout-flow\">\n<figure class=\"wp-block-image size-large is-resized\"><img loading=\"lazy\" decoding=\"async\" width=\"1024\" height=\"169\" src=\"https:\/\/remansodelamontana.com\/wp-content\/uploads\/2025\/07\/RM_Logo_CasaElOlivo-Verde-1024x169.png\" alt=\"\" class=\"wp-image-1672\" style=\"width:auto;height:30px\" srcset=\"https:\/\/remansodelamontana.com\/wp-content\/uploads\/2025\/07\/RM_Logo_CasaElOlivo-Verde-1024x169.png 1024w, https:\/\/remansodelamontana.com\/wp-content\/uploads\/2025\/07\/RM_Logo_CasaElOlivo-Verde-300x50.png 300w, https:\/\/remansodelamontana.com\/wp-content\/uploads\/2025\/07\/RM_Logo_CasaElOlivo-Verde-768x127.png 768w, https:\/\/remansodelamontana.com\/wp-content\/uploads\/2025\/07\/RM_Logo_CasaElOlivo-Verde-1536x254.png 1536w, https:\/\/remansodelamontana.com\/wp-content\/uploads\/2025\/07\/RM_Logo_CasaElOlivo-Verde-2048x339.png 2048w, https:\/\/remansodelamontana.com\/wp-content\/uploads\/2025\/07\/RM_Logo_CasaElOlivo-Verde-892x148.png 892w, https:\/\/remansodelamontana.com\/wp-content\/uploads\/2025\/07\/RM_Logo_CasaElOlivo-Verde-1350x223.png 1350w\" sizes=\"auto, (max-width: 1024px) 100vw, 1024px\" \/><\/figure>\n\n\n\n<hr class=\"wp-block-separator has-text-color has-alpha-channel-opacity has-background is-style-wide\" style=\"background-color:#2f591c;color:#2f591c\"\/>\n\n\n\n<div class=\"wp-block-getwid-advanced-heading alignfull fuente-alpina alignfull has-custom-font-size\" style=\"font-size:17px;margin-bottom:35px\"><h2 class=\"wp-block-getwid-advanced-heading__content has-text-color\" style=\"text-align:left;font-weight:normal;line-height:21px;letter-spacing:0px;color:#2f591c\">A space where the historic charm of our hacienda is intertwined with modernity and generous spaces of avant-garde architecture. With a structure literally opened by large windows, Casa El Olivo invites you to escape and immerse yourself in the beauty of our countryside.<\/h2><\/div>\n\n\n\n<div class=\"wp-block-buttons is-layout-flex wp-block-buttons-is-layout-flex\">\n<div class=\"wp-block-button fuente-alpina is-style-outline is-style-outline--4\"><a class=\"wp-block-button__link has-text-color has-link-color has-custom-font-size wp-element-button\" href=\"https:\/\/remansodelamontana.com\/en\/casa-el-olivo\/\" style=\"border-radius:100px;color:#d36231;font-size:15px;font-style:normal;font-weight:100;letter-spacing:0px\">More info &amp; reservations<\/a><\/div>\n<\/div>\n<\/div>\n\n\n\n<div class=\"wp-block-column is-layout-flow wp-block-column-is-layout-flow\">\n<figure class=\"wp-block-image size-large is-resized\"><img loading=\"lazy\" decoding=\"async\" width=\"1024\" height=\"133\" src=\"https:\/\/remansodelamontana.com\/wp-content\/uploads\/2025\/07\/RM_Logo_CasaLaCosecha-Verde-1024x133.png\" alt=\"\" class=\"wp-image-1674\" style=\"width:auto;height:30px\" srcset=\"https:\/\/remansodelamontana.com\/wp-content\/uploads\/2025\/07\/RM_Logo_CasaLaCosecha-Verde-1024x133.png 1024w, https:\/\/remansodelamontana.com\/wp-content\/uploads\/2025\/07\/RM_Logo_CasaLaCosecha-Verde-300x39.png 300w, https:\/\/remansodelamontana.com\/wp-content\/uploads\/2025\/07\/RM_Logo_CasaLaCosecha-Verde-768x100.png 768w, https:\/\/remansodelamontana.com\/wp-content\/uploads\/2025\/07\/RM_Logo_CasaLaCosecha-Verde-1536x200.png 1536w, https:\/\/remansodelamontana.com\/wp-content\/uploads\/2025\/07\/RM_Logo_CasaLaCosecha-Verde-2048x266.png 2048w, https:\/\/remansodelamontana.com\/wp-content\/uploads\/2025\/07\/RM_Logo_CasaLaCosecha-Verde-892x116.png 892w, https:\/\/remansodelamontana.com\/wp-content\/uploads\/2025\/07\/RM_Logo_CasaLaCosecha-Verde-1350x176.png 1350w\" sizes=\"auto, (max-width: 1024px) 100vw, 1024px\" \/><\/figure>\n\n\n\n<hr class=\"wp-block-separator has-text-color has-alpha-channel-opacity has-background is-style-wide\" style=\"background-color:#2f591c;color:#2f591c\"\/>\n\n\n\n<div class=\"wp-block-getwid-advanced-heading alignfull fuente-alpina alignfull has-custom-font-size\" style=\"font-size:17px;margin-bottom:35px\"><h2 class=\"wp-block-getwid-advanced-heading__content has-text-color\" style=\"text-align:left;font-weight:normal;line-height:21px;letter-spacing:0px;color:#2f591c\">This house is designed for your comfort in the middle of nature. A masterful combination of a classic style with contemporary touches, all carefully placed with a unique character that welcomes each guest and invites you to walk barefoot through its ample green areas overlooking the crops of the area.<\/h2><\/div>\n\n\n\n<div class=\"wp-block-buttons is-horizontal is-content-justification-left is-layout-flex wp-container-core-buttons-is-layout-20be11b6 wp-block-buttons-is-layout-flex\">\n<div class=\"wp-block-button fuente-alpina is-style-outline is-style-outline--5\"><a class=\"wp-block-button__link has-text-color has-link-color has-custom-font-size wp-element-button\" href=\"https:\/\/remansodelamontana.com\/en\/casa-la-cosecha\/\" style=\"border-radius:100px;color:#d36231;font-size:15px;font-style:normal;font-weight:100;letter-spacing:0px\">More info &amp; reservations<\/a><\/div>\n<\/div>\n<\/div>\n<\/div>\n<\/div><\/div><\/div><\/div><\/div>\n<\/div><\/div>\n<\/div><\/div><\/div><\/div><\/div>","protected":false},"excerpt":{"rendered":"<p>La Intenci\u00f3n: Un Respiro para el Alma Creemos que antes de conquistar cualquier sendero, es vital conquistar la propia calma. El Estanque de los Sue\u00f1os no es solo un punto en el mapa previo al Sendero de F\u00e1tima; es una invitaci\u00f3n a despojarse del ruido cotidiano. Nuestra intenci\u00f3n al crear este espacio fue dise\u00f1ar un [&hellip;]<\/p>\n","protected":false},"author":1,"featured_media":3530,"parent":0,"menu_order":0,"comment_status":"closed","ping_status":"closed","template":"template-canvas-page.php","meta":{"_editorskit_title_hidden":false,"_editorskit_reading_time":0,"_editorskit_is_block_options_detached":false,"_editorskit_block_options_position":"{}","inline_featured_image":false,"footnotes":""},"class_list":["post-3509","page","type-page","status-publish","has-post-thumbnail","hentry"],"aioseo_notices":[],"_links":{"self":[{"href":"https:\/\/remansodelamontana.com\/en\/wp-json\/wp\/v2\/pages\/3509","targetHints":{"allow":["GET"]}}],"collection":[{"href":"https:\/\/remansodelamontana.com\/en\/wp-json\/wp\/v2\/pages"}],"about":[{"href":"https:\/\/remansodelamontana.com\/en\/wp-json\/wp\/v2\/types\/page"}],"author":[{"embeddable":true,"href":"https:\/\/remansodelamontana.com\/en\/wp-json\/wp\/v2\/users\/1"}],"replies":[{"embeddable":true,"href":"https:\/\/remansodelamontana.com\/en\/wp-json\/wp\/v2\/comments?post=3509"}],"version-history":[{"count":76,"href":"https:\/\/remansodelamontana.com\/en\/wp-json\/wp\/v2\/pages\/3509\/revisions"}],"predecessor-version":[{"id":3645,"href":"https:\/\/remansodelamontana.com\/en\/wp-json\/wp\/v2\/pages\/3509\/revisions\/3645"}],"wp:featuredmedia":[{"embeddable":true,"href":"https:\/\/remansodelamontana.com\/en\/wp-json\/wp\/v2\/media\/3530"}],"wp:attachment":[{"href":"https:\/\/remansodelamontana.com\/en\/wp-json\/wp\/v2\/media?parent=3509"}],"curies":[{"name":"wp","href":"https:\/\/api.w.org\/{rel}","templated":true}]}}